{"version":"1.0","provider_name":"DivatButik","provider_url":"https:\/\/divatbutik.cafeblog.hu","author_name":"Mother\\'s Heart","author_url":"https:\/\/divatbutik.cafeblog.hu\/author\/mothers-heart\/","title":"","html":"Lett ny\u00e1r! :)\r\n\r\n<a href=\"https:\/\/divatbutik.cafeblog.hu\/files\/2013\/06\/IMG_2643.jpg\"><img class=\"size-medium wp-image-99 aligncenter\" alt=\"IMG_2643\" src=\"https:\/\/divatbutik.cafeblog.hu\/files\/2013\/06\/IMG_2643-300x300.jpg\" width=\"300\" height=\"300\" \/><\/a>\r\n\r\n\u00c9n legal\u00e1bbis \u00fagy \u00e9rzem! Itt nagyon \u00e9get a nap \u00e9s rekken\u0151 a h\u0151s\u00e9g, m\u00e1r t\u00e1rgyalom a kl\u00edm\u00e1t, hogy legyen kedve a vev\u0151imnek pr\u00f3b\u00e1lni. Persze bej\u00f6nni kellemes, azt mondj\u00e1k itt j\u00f3 h\u0171v\u00f6s van, de \u00e9n ezt nem t\u00e1masztom al\u00e1...\r\n\r\nMa beszerel\u00e9sre ker\u00fclt az \u00faj polcom, melyet le kell t\u00f6r\u00f6ln\u00f6m \u00e9s meg kell t\u00f6ltenem t\u00e1sk\u00e1val, de m\u00e1r olyan r\u00e9g nem \u00edrtam, hogy gondoltam egy f\u00e9l \u00f3r\u00e1t m\u00e1r nem k\u00e9sik...\r\n\r\nMeg\u00e9rkeztek a v\u00e1rva v\u00e1rt bizsuk, mindenkit szeretettel v\u00e1rok, minden t\u00e1ska mell\u00e9 illik v\u00e1lasztani valami kieg\u00e9sz\u00edt\u0151t is :)\r\n\r\n<a href=\"https:\/\/divatbutik.cafeblog.hu\/files\/2013\/06\/IMG_2642.jpg\"><img class=\"size-medium wp-image-102 aligncenter\" alt=\"IMG_2642\" src=\"https:\/\/divatbutik.cafeblog.hu\/files\/2013\/06\/IMG_2642-300x300.jpg\" width=\"300\" height=\"300\" \/><\/a>\r\n\r\nOlyan sz\u00e9pek, hogy csak \u00e1mulok \u00e9s b\u00e1mulok! Mindig, mikor rendelek \u00e9s nem \u00e9n megyek \u00e9rte, olyan izgalmas felbontani a dobozt \u00e9s k\u00e9zbe venni \u0151ket! Gy\u00f6ny\u00f6r\u0171ek, mint a t\u00e1sk\u00e1k, kedvencem az arany koponya, ezt tal\u00e1n nem is adom oda senkinek :)\r\n\r\nEddig nem voltak hajt\u0171k, csipeszek, de most, hogy n\u0151 a hajam, r\u00e1j\u00f6v\u00f6k lassan milyen hasznos dolgok ezek, sz\u00f3val \u00faj, hogy \u00e9rkeztek ilyek is!\r\n\r\n<a href=\"https:\/\/divatbutik.cafeblog.hu\/files\/2013\/06\/IMG_26471.jpg\"><img class=\"size-medium wp-image-103 aligncenter\" alt=\"IMG_2647\" src=\"https:\/\/divatbutik.cafeblog.hu\/files\/2013\/06\/IMG_26471-300x300.jpg\" width=\"300\" height=\"300\" \/><\/a>\r\n\r\nPont most \u00edrtam, hogy bej\u00f6nni kellemes, nos ezt \u00e9pp az el\u0151bb t\u00e1masztotta al\u00e1 egy eg\u00e9sz csal\u00e1d. \u00c9vz\u00e1r\u00f3ra igyekeztek, lef\u0151ve, feh\u00e9r bl\u00faz ut\u00e1n kutatva. Tal\u00e1ltak is, de a l\u00e9nyeg, hogy vettek egy nedveskend\u0151t, amivel v\u00e9gigt\u00f6r\u00f6lgette az eg\u00e9sz csal\u00e1d mag\u00e1t \u00e9s azt mondt\u00e1k ez volt az eg\u00e9sz napban a legjobb :) Nekem meg \u0150k :)\r\n\r\n&nbsp;\r\n\r\nHa tetszenek a term\u00e9kek, k\u00f6vess minket <a href=\"http:\/\/www.facebook.com\/DivatButik\" target=\"_blank\">FaceBook<\/a>on is!\r\n\r\n&nbsp;","type":"rich","thumbnail_url":"https:\/\/divatbutik.cafeblog.hu\/files\/2013\/06\/IMG_2642-150x150.jpg","thumbnail_width":150,"thumbnail_height":150}